{"id":2,"date":"2024-06-09T17:47:40","date_gmt":"2024-06-09T15:47:40","guid":{"rendered":"http:\/\/consultingdesire.at\/?page_id=2"},"modified":"2026-03-23T14:09:00","modified_gmt":"2026-03-23T13:09:00","slug":"home","status":"publish","type":"page","link":"https:\/\/consultingdesire.at\/","title":{"rendered":"Home"},"content":{"rendered":"\n<main class=\"wp-block-group is-layout-flow wp-block-group-is-layout-flow\" style=\"margin-top:0;margin-bottom:0\">\n<div class=\"wp-block-group has-small-font-size is-layout-constrained wp-block-group-is-layout-constrained\">\n<div class=\"wp-block-media-text alignwide is-stacked-on-mobile\" style=\"margin-top:var(--wp--preset--spacing--40);margin-bottom:var(--wp--preset--spacing--40);grid-template-columns:31% auto\"><figure class=\"wp-block-media-text__media\"><img loading=\"lazy\" decoding=\"async\" width=\"827\" height=\"1024\" src=\"https:\/\/consultingdesire.at\/wp-content\/uploads\/2026\/01\/20250331_094847-827x1024.jpg\" alt=\"\" class=\"wp-image-538 size-full\" srcset=\"https:\/\/consultingdesire.at\/wp-content\/uploads\/2026\/01\/20250331_094847-827x1024.jpg 827w, https:\/\/consultingdesire.at\/wp-content\/uploads\/2026\/01\/20250331_094847-242x300.jpg 242w, https:\/\/consultingdesire.at\/wp-content\/uploads\/2026\/01\/20250331_094847-768x951.jpg 768w, https:\/\/consultingdesire.at\/wp-content\/uploads\/2026\/01\/20250331_094847-1241x1536.jpg 1241w, https:\/\/consultingdesire.at\/wp-content\/uploads\/2026\/01\/20250331_094847-1654x2048.jpg 1654w, https:\/\/consultingdesire.at\/wp-content\/uploads\/2026\/01\/20250331_094847.jpg 1776w\" sizes=\"(max-width: 827px) 100vw, 827px\" \/><\/figure><div class=\"wp-block-media-text__content\">\n<h1 class=\"wp-block-heading\" style=\"padding-top:0;padding-bottom:0;font-size:30px\">Herzlich Willkommen<\/h1>\n\n\n\n<p class=\"has-bg-3-color has-text-color has-link-color has-medium-font-size wp-elements-488ecf6782967eef0ab7eb4e4a829be2\" style=\"margin-top:var(--wp--preset--spacing--20);margin-bottom:var(--wp--preset--spacing--20)\">Mit dem Wunsch, etwas an der derzeitigen Situation ver\u00e4ndern zu wollen, setzen Sie den ersten Schritt f\u00fcr einen Wandel. <strong>Ver\u00e4nderungen <\/strong>zuzulassen, Hilfe anzunehmen erfordert \u00dcberwindung und <strong>Mut<\/strong>.<\/p>\n\n\n\n<p class=\"has-medium-font-size\">Das Leben verl\u00e4uft nicht immer geradlinig \u2013 es bringt H\u00f6hen, Tiefen und unerwartete Wendungen mit sich. Gerade in solchen Momenten kann es hilfreich sein, <strong>Unterst\u00fctzung <\/strong>in Anspruch zu nehmen. Bereits dieser Schritt ist wom\u00f6glich ein Schl\u00fcssel f\u00fcr pers\u00f6nliche und berufliche <strong>Weitentwicklung<\/strong>.<\/p>\n\n\n\n<p class=\"has-medium-font-size\">In meiner Arbeit biete ich Ihnen einen <strong>gesch\u00fctzten Raum<\/strong>, in dem Sie innehalten, nachdenken, sp\u00fcren und benennen d\u00fcrfen. Einen Raum, in dem nichts \u201efunktionieren\u201c muss und in dem auch Unklarheit, Ambivalenzen und Unsicherheiten Platz haben. Gemeinsam richten wir den Blick auf das, was Sie aktuell bewegt, belastet oder festh\u00e4lt \u2013 und auf das, was sich neu ordnen oder entwickeln m\u00f6chte.<\/p>\n<\/div><\/div>\n\n\n\n<div class=\"wp-block-media-text alignwide has-media-on-the-right is-stacked-on-mobile\" style=\"margin-top:var(--wp--preset--spacing--40);margin-bottom:var(--wp--preset--spacing--40)\"><div class=\"wp-block-media-text__content\">\n<p class=\"has-medium-font-size\">Mir ist es wichtig, Sie in Ihren Denkprozessen zu begleiten, zudem unterst\u00fctze ich Sie dabei, neue Perspektiven einzunehmen und erarbeite mit Ihnen  Handlungsalternativen.<\/p>\n\n\n\n<p class=\"has-medium-font-size\">Schm\u00f6kern Sie auf meiner Homepage und machen Sie sich ein erstes Bild von mir. <\/p>\n\n\n\n<p class=\"has-medium-font-size\">Gerne begleite ich Sie bei Ihrem Anliegen. Sie erreichen mich telefonisch oder per Email (siehe Kontakt). <br>Ich freue mich darauf, Sie ein St\u00fcck weit auf Ihrem Weg begleiten zu d\u00fcrfen.<\/p>\n<\/div><figure class=\"wp-block-media-text__media\"><img loading=\"lazy\" decoding=\"async\" width=\"1024\" height=\"1024\" src=\"https:\/\/consultingdesire.at\/wp-content\/uploads\/2025\/09\/1757405664938.png\" alt=\"\" class=\"wp-image-486 size-full\" srcset=\"https:\/\/consultingdesire.at\/wp-content\/uploads\/2025\/09\/1757405664938.png 1024w, https:\/\/consultingdesire.at\/wp-content\/uploads\/2025\/09\/1757405664938-300x300.png 300w, https:\/\/consultingdesire.at\/wp-content\/uploads\/2025\/09\/1757405664938-150x150.png 150w, https:\/\/consultingdesire.at\/wp-content\/uploads\/2025\/09\/1757405664938-768x768.png 768w\" sizes=\"(max-width: 1024px) 100vw, 1024px\" \/><\/figure><\/div>\n\n\n\n<h1 class=\"wp-block-heading has-text-align-center has-bg-3-color has-text-color has-link-color wp-elements-36c9f168b42126f45aa0eb29523184e2\" id=\"beratungen\" style=\"margin-top:var(--wp--preset--spacing--70);margin-bottom:0;font-size:30px\">Beratungsangebote<\/h1>\n\n\n\n<div class=\"wp-block-columns alignwide offers-columns is-layout-flex wp-container-core-columns-is-layout-1 wp-block-columns-is-layout-flex\" style=\"margin-bottom:0\">\n<div class=\"wp-block-column has-bg-2-background-color has-text-color has-background has-link-color wp-elements-56f7ad7ee05bef534d62a74858d18c57 is-layout-flow wp-block-column-is-layout-flow\" style=\"color:#000000;padding-top:2em;padding-right:2em;padding-bottom:2em;padding-left:2em\">\n<h2 class=\"wp-block-heading has-text-align-center\" id=\"patron\" style=\"font-size:26px\">Supervision im wirtschaftlichen Kontext<\/h2>\n\n\n\n<hr class=\"wp-block-separator has-text-color has-bg-3-color has-alpha-channel-opacity has-bg-3-background-color has-background is-style-wide\"\/>\n\n\n\n<p class=\"has-text-align-center has-bg-3-color has-text-color has-link-color has-medium-font-size wp-elements-5870eb54a258b982f9d3fe46744228ff\">Supervision im wirtschaftlichen Kontext bietet F\u00fchrungskr\u00e4ften, Teams und Organisationen einen professionellen Rahmen, um berufliche Herausforderungen, Entscheidungsprozesse und Arbeitsbeziehungen zu reflektieren. <\/p>\n\n\n\n<div class=\"wp-block-buttons is-content-justification-center is-layout-flex wp-container-core-buttons-is-layout-1 wp-block-buttons-is-layout-flex\">\n<div class=\"wp-block-button\"><a class=\"wp-block-button__link wp-element-button\">\r\n\t<a class=\"paoc-popup-click paoc-popup-cust-146 paoc-popup-simple_link paoc-popup-link\" href=\"javascript:void(0);\">mehr<\/a>\r\n\r\n<\/a><\/div>\n<\/div>\n<\/div>\n\n\n\n<div class=\"wp-block-column is-vertically-aligned-stretch has-bg-2-background-color has-text-color has-background has-link-color wp-elements-ce66583964b6e257a3cdcb56811ee1a0 is-layout-flow wp-block-column-is-layout-flow\" style=\"color:#000000;padding-top:2em;padding-right:2em;padding-bottom:2em;padding-left:2em\">\n<h2 class=\"wp-block-heading has-text-align-center\" id=\"single\" style=\"font-size:26px\">Supervision<\/h2>\n\n\n\n<hr class=\"wp-block-separator has-text-color has-bg-3-color has-alpha-channel-opacity has-bg-3-background-color has-background is-style-wide\"\/>\n\n\n\n<div class=\"wp-block-group is-nowrap is-layout-flex wp-container-core-group-is-layout-1 wp-block-group-is-layout-flex\">\n<p class=\"has-text-align-center has-bg-3-color has-text-color has-link-color has-medium-font-size wp-elements-f6314e676be35e8b4d33a87e7c67e14d\"><mark style=\"background-color:rgba(0, 0, 0, 0)\" class=\"has-inline-color has-bg-3-color\">Supervision bietet einen strukturierten und gesch\u00fctzten Raum, um berufliche Themen in Ruhe zu reflektieren. Durch die gemeinsame Betrachtung k\u00f6nnen neue Perspektiven entstehen, die nicht nur Abl\u00e4ufe und Prozesse im Arbeitsalltag verbessern, sondern zugleich das pers\u00f6nliche sowie emotionale Wohlbefinden nachhaltig st\u00e4rken.<\/mark><\/p>\n<\/div>\n\n\n\n<div class=\"wp-block-buttons is-content-justification-center is-layout-flex wp-container-core-buttons-is-layout-2 wp-block-buttons-is-layout-flex\">\n<div class=\"wp-block-button\"><a class=\"wp-block-button__link wp-element-button\">\r\n\t<a class=\"paoc-popup-click paoc-popup-cust-138 paoc-popup-simple_link paoc-popup-link\" href=\"javascript:void(0);\">mehr<\/a>\r\n\r\n<\/a><\/div>\n<\/div>\n<\/div>\n\n\n\n<div class=\"wp-block-column is-vertically-aligned-stretch has-bg-2-background-color has-text-color has-background has-link-color wp-elements-3043ac950a1b383c520276be2288ed33 is-layout-flow wp-block-column-is-layout-flow\" style=\"color:#000000;padding-top:2em;padding-right:2em;padding-bottom:2em;padding-left:2em\">\n<h2 class=\"wp-block-heading has-text-align-center\" id=\"family\" style=\"font-size:26px\">Coaching<\/h2>\n\n\n\n<hr class=\"wp-block-separator has-text-color has-bg-3-color has-alpha-channel-opacity has-bg-3-background-color has-background is-style-wide\"\/>\n\n\n\n<p class=\"has-text-align-center has-bg-3-color has-text-color has-link-color has-medium-font-size wp-elements-7762553b4680fcd9dced0da71718ddbf\">Coaching bietet Ihnen eine einf\u00fchlsame unterst\u00fctzende Begleitung in Ihrer Pers\u00f6nlichkeitsentwicklung. Ver\u00e4nderungs- und Entwicklungsprozesse, st\u00e4rkt Ihre Selbstreflexion und er\u00f6ffnet neue Perspektiven, damit Sie Ihre n\u00e4chsten Schritte bewusst, gest\u00e4rkt und zielgerichtet gestalten k\u00f6nnen.<\/p>\n\n\n\n<div class=\"wp-block-buttons is-content-justification-center is-layout-flex wp-container-core-buttons-is-layout-3 wp-block-buttons-is-layout-flex\">\n<div class=\"wp-block-button\"><a class=\"wp-block-button__link wp-element-button\">\r\n\t<a class=\"paoc-popup-click paoc-popup-cust-143 paoc-popup-simple_link paoc-popup-link\" href=\"javascript:void(0);\">mehr<\/a>\r\n\r\n<\/a><\/div>\n<\/div>\n<\/div>\n<\/div>\n\n\n\n<div class=\"wp-block-media-text alignwide is-stacked-on-mobile\" style=\"margin-top:var(--wp--preset--spacing--70);margin-bottom:var(--wp--preset--spacing--70);padding-right:0;padding-left:0\"><figure class=\"wp-block-media-text__media\"><img loading=\"lazy\" decoding=\"async\" width=\"1024\" height=\"759\" src=\"https:\/\/consultingdesire.at\/wp-content\/uploads\/2024\/06\/IMG_20211019_100951-1024x759.jpg\" alt=\"\" class=\"wp-image-105 size-full\" srcset=\"https:\/\/consultingdesire.at\/wp-content\/uploads\/2024\/06\/IMG_20211019_100951-1024x759.jpg 1024w, https:\/\/consultingdesire.at\/wp-content\/uploads\/2024\/06\/IMG_20211019_100951-300x222.jpg 300w, https:\/\/consultingdesire.at\/wp-content\/uploads\/2024\/06\/IMG_20211019_100951-768x569.jpg 768w, https:\/\/consultingdesire.at\/wp-content\/uploads\/2024\/06\/IMG_20211019_100951-1536x1139.jpg 1536w, https:\/\/consultingdesire.at\/wp-content\/uploads\/2024\/06\/IMG_20211019_100951-2048x1518.jpg 2048w\" sizes=\"(max-width: 1024px) 100vw, 1024px\" \/><\/figure><div class=\"wp-block-media-text__content\">\n<h1 class=\"wp-block-heading has-text-align-left\" id=\"aboutme\" style=\"font-size:30px\">\u00dcber mich<\/h1>\n\n\n\n<p class=\"has-medium-font-size\">Ich hei\u00dfe <strong>Desire Stocker<\/strong> und ich bin eine vielseitig interessierte Person mit einer Leidenschaft f\u00fcr Gesundheit und pers\u00f6nliche Weiterentwicklung.<\/p>\n\n\n\n<p class=\"has-medium-font-size\">Nach meiner Ausbildung zur Tapeziererin und Dekorateurin habe ich mich entschieden, einen neuen Weg einzuschlagen: Ich begann das Studium der Sozial- und Integrationsp\u00e4dagogik. F\u00fcr mich markierte diese Entscheidung den Beginn einer spannenden Reise in die Welt menschlichen Entwicklung und Dynamiken.<\/p>\n\n\n\n<p class=\"has-medium-font-size\">Mein Wunsch nach pers\u00f6nlichem und beruflichem Wachstum f\u00fchrte mich schlie\u00dflich zum Masterlehrgang <em>Supervision, Coaching und Organisationsentwicklung<\/em>. Ich bin fest davon \u00fcberzeugt, dass jeder Mensch -unabh\u00e4ngig von Alter oder Status &#8211; wachsen und gedeihen kann.<\/p>\n\n\n\n<p class=\"has-medium-font-size\">In meiner Freizeit tauche ich gerne in unterschiedliche Welten ein \u2013 sei es beim Lesen eines guten Buches, beim Klettern oder bei Spazierg\u00e4ngen. Die Vielfalt des Lebens inspiriert mich, und ich freue mich immer auf neue Erfahrungen und neue Begegnungen.<\/p>\n\n\n\n<p class=\"has-medium-font-size\">Offenheit f\u00fcr Neues ist ein zentraler Bestandteil meines Lebensmottos. Ich bin \u00fcberzeugt, dass jede Begegnung, jede Erfahrung und sogar jede Sackgasse mir wertvolle Erkenntnisse schenken kann.<\/p>\n<\/div><\/div>\n\n\n\n<h1 class=\"wp-block-heading has-text-align-center\" style=\"margin-top:var(--wp--preset--spacing--50);margin-bottom:var(--wp--preset--spacing--50);font-size:30px\">Qualifikationen <\/h1>\n\n\n\n<p class=\"has-medium-font-size\">Als Mitglied der \u00d6VS, der <strong>\u00d6sterreichischen Vereinigung f\u00fcr Supervision und Coaching,<\/strong> orientiere ich mich an hohen Qualit\u00e4tsstandards in meiner Arbeit. <\/p>\n\n\n\n<div class=\"wp-block-columns alignwide is-layout-flex wp-container-core-columns-is-layout-2 wp-block-columns-is-layout-flex\" style=\"margin-bottom:0\">\n<div class=\"wp-block-column has-bg-2-background-color has-text-color has-background has-link-color wp-elements-f881a3f2f574a2313932cf4a72931dbe is-layout-flow wp-block-column-is-layout-flow\" style=\"color:#000000;padding-top:2em;padding-right:2em;padding-bottom:2em;padding-left:2em\">\n<h2 class=\"wp-block-heading has-text-align-center\" id=\"single\" style=\"font-size:26px\">Ausbildungen<\/h2>\n\n\n\n<hr class=\"wp-block-separator has-text-color has-bg-3-color has-alpha-channel-opacity has-bg-3-background-color has-background is-style-wide\"\/>\n\n\n\n<ul class=\"has-normal-font-size\">\n<li style=\"margin-top:var(--wp--preset--spacing--40);margin-bottom:var(--wp--preset--spacing--40)\">Supervision Coaching und Organisationsentwicklung, Masterstudium<\/li>\n\n\n\n<li style=\"margin-top:var(--wp--preset--spacing--40);margin-bottom:var(--wp--preset--spacing--40);padding-top:0;padding-bottom:0\">Sozial- und Integrationsp\u00e4dagogik, Masterstudium<\/li>\n\n\n\n<li style=\"margin-top:var(--wp--preset--spacing--40);margin-bottom:var(--wp--preset--spacing--40)\">Erziehungs- und Bildungswissenschaften, Bachelorstudium<\/li>\n\n\n\n<li>Tapeziererin und Dekorateurin, Lehre<\/li>\n<\/ul>\n<\/div>\n\n\n\n<div class=\"wp-block-column has-bg-2-background-color has-text-color has-background has-link-color wp-elements-3b09e56a4b73b8aff4f6dd563d1f8626 is-layout-flow wp-block-column-is-layout-flow\" style=\"color:#000000;padding-top:2em;padding-right:2em;padding-bottom:2em;padding-left:2em\">\n<h2 class=\"wp-block-heading has-text-align-center\" id=\"family\" style=\"font-size:26px\"><strong>Fort- und<\/strong> Weiterbildungen<\/h2>\n\n\n\n<hr class=\"wp-block-separator has-text-color has-bg-3-color has-alpha-channel-opacity has-bg-3-background-color has-background is-style-wide\"\/>\n\n\n\n<ul>\n<li><\/li>\n<\/ul>\n\n\n\n<ul class=\"has-normal-font-size\">\n<li style=\"margin-top:var(--wp--preset--spacing--40);margin-bottom:var(--wp--preset--spacing--40)\">\u00d6VS &#8211; Mitglied<\/li>\n\n\n\n<li style=\"margin-top:var(--wp--preset--spacing--40);margin-bottom:var(--wp--preset--spacing--40)\">Pers\u00f6nlichkeit &#8211; von Stil zur St\u00f6rung <\/li>\n\n\n\n<li style=\"margin-top:var(--wp--preset--spacing--40);margin-bottom:var(--wp--preset--spacing--40)\">Erste Hilfe (Grundkurs)<\/li>\n\n\n\n<li>Die medikament\u00f6se Behandlung psychischer St\u00f6rungen bei Kinder und Jugendlichen<\/li>\n\n\n\n<li style=\"margin-top:var(--wp--preset--spacing--30);margin-bottom:var(--wp--preset--spacing--30)\">Traumap\u00e4dagogik i. d. Kinder- und Jugendnothilfe<\/li>\n\n\n\n<li style=\"margin-top:var(--wp--preset--spacing--30);margin-bottom:var(--wp--preset--spacing--30)\">Senioren-Fit-\u00dcbungsleiterin<\/li>\n\n\n\n<li style=\"margin-top:var(--wp--preset--spacing--30);margin-bottom:var(--wp--preset--spacing--30)\">\u00dcbungsleiterin f\u00fcr Kinder und Jugend<\/li>\n\n\n\n<li style=\"margin-top:var(--wp--preset--spacing--30);margin-bottom:var(--wp--preset--spacing--30)\">Deeskalierende Kommunikationsmethoden<\/li>\n\n\n\n<li style=\"margin-top:var(--wp--preset--spacing--30);margin-bottom:var(--wp--preset--spacing--30)\">Stress im Job (Burn-out Pr\u00e4vention)<\/li>\n\n\n\n<li style=\"margin-top:var(--wp--preset--spacing--30);margin-bottom:var(--wp--preset--spacing--30)\">Sexualp\u00e4dagogik<\/li>\n<\/ul>\n<\/div>\n\n\n\n<div class=\"wp-block-column has-bg-2-background-color has-text-color has-background has-link-color wp-elements-b48514623ef532e9c051a76e524490f9 is-layout-flow wp-block-column-is-layout-flow\" style=\"color:#000000;padding-top:2em;padding-right:2em;padding-bottom:2em;padding-left:2em\">\n<h2 class=\"wp-block-heading has-text-align-center\" id=\"patron\" style=\"font-size:26px\"><strong>beruflicher Werdegang<\/strong><\/h2>\n\n\n\n<hr class=\"wp-block-separator has-text-color has-bg-3-color has-alpha-channel-opacity has-bg-3-background-color has-background is-style-wide\"\/>\n\n\n\n<ul class=\"has-normal-font-size\">\n<li style=\"margin-top:var(--wp--preset--spacing--40);margin-bottom:var(--wp--preset--spacing--40)\">Gewerbeberechtigung: Lebens- und Sozialberaterin<\/li>\n\n\n\n<li style=\"margin-top:var(--wp--preset--spacing--40);margin-bottom:var(--wp--preset--spacing--40)\">Zugbegleiterin, \u00d6BB<\/li>\n\n\n\n<li style=\"margin-top:var(--wp--preset--spacing--40);margin-bottom:var(--wp--preset--spacing--40)\">Sozialp\u00e4dagogin i. d. station\u00e4ren Kinder- und Jugendnothilfe, Contraste <\/li>\n\n\n\n<li style=\"margin-top:var(--wp--preset--spacing--40);margin-bottom:var(--wp--preset--spacing--40)\">Sprachf\u00f6rderung (englisch) in Kinderg\u00e4rten, FunEnglischForChildren<\/li>\n\n\n\n<li>P\u00e4dagogin i. d. Nachmittagsbetreuung, B\u00dcM<\/li>\n\n\n\n<li style=\"margin-top:var(--wp--preset--spacing--40);margin-bottom:var(--wp--preset--spacing--40)\">P\u00e4dagogin i. d. Fl\u00fcchtlingsbetreuung, ORS<\/li>\n\n\n\n<li style=\"margin-top:var(--wp--preset--spacing--40);margin-bottom:var(--wp--preset--spacing--40)\">Mobile Lernhilfe (AVS)<\/li>\n\n\n\n<li style=\"margin-top:var(--wp--preset--spacing--40);margin-bottom:var(--wp--preset--spacing--40)\">Lehrling als Tapeziererin und Dekorateurin<\/li>\n<\/ul>\n<\/div>\n<\/div>\n\n\n\n<div class=\"wp-block-media-text alignwide has-media-on-the-right is-stacked-on-mobile\" style=\"margin-top:var(--wp--preset--spacing--40);margin-bottom:var(--wp--preset--spacing--40)\"><div class=\"wp-block-media-text__content\">\n<h1 class=\"wp-block-heading\" id=\"kultur\" style=\"margin-top:var(--wp--preset--spacing--60);margin-bottom:var(--wp--preset--spacing--60);font-size:30px\">Arbeitskultur<\/h1>\n\n\n\n<h4 class=\"wp-block-heading\" style=\"margin-bottom:0;font-size:26px\">Verschwiegenheit<\/h4>\n\n\n\n<p class=\"has-medium-font-size\">Als Beraterin trage ich eine gro\u00dfe Verantwortung f\u00fcr die Vertraulichkeit und den Schutz aller Informationen, die Sie mir im Rahmen unserer Zusammenarbeit anvertrauen. Verschwiegenheit ist ein zentraler Bestandteil meiner professionellen Ethik.<br>Ich verpflichte mich, alle in unseren Sitzungen erhaltenen Informationen streng vertraulich zu behandeln. Eine transparente und offene Arbeitskutlur liegen mir am Herzen, um einen Raum des Vertrauens und der Sicherheit zu schaffen.<\/p>\n\n\n\n<h4 class=\"wp-block-heading\" style=\"margin-top:var(--wp--preset--spacing--50);margin-bottom:var(--wp--preset--spacing--20);font-size:26px\">Erstkontakt<\/h4>\n\n\n\n<p class=\"has-medium-font-size\">Sie k\u00f6nnen mich telefonisch oder per E-Mail erreichen.<br>Nach einer Terminvereinbarung widmen wir uns Ihren Anliegen in einem pers\u00f6nlichen Gespr\u00e4ch. <\/p>\n\n\n\n<h4 class=\"wp-block-heading\" style=\"margin-top:var(--wp--preset--spacing--50);margin-bottom:var(--wp--preset--spacing--30);font-size:26px\">Absageregelung<\/h4>\n\n\n\n<p class=\"has-medium-font-size\" style=\"margin-top:0\">Sollten Sie einen Termin nicht wahrnehmen k\u00f6nnen, bitte ich Sie, mir dies <strong>24 Stunden vorher<\/strong> mitzuteilen. So kann der Termin anderweitig vergeben werden.  <br>Sollte eine zeitgerechte Absage nicht m\u00f6glich sein, muss ich den Termin leider in Rechnung stellen. <\/p>\n\n\n\n<h4 class=\"wp-block-heading\" style=\"margin-bottom:0;font-size:26px\">Kosten<\/h4>\n\n\n\n<p class=\"has-medium-font-size\"><strong>Einzelsetting:<\/strong> F\u00fcr eine Beratungseinheit \u00e1 50 min werden 80\u20ac.<\/p>\n\n\n\n<p class=\"has-medium-font-size\"><strong>Gruppensettings:<\/strong> Der Preis wird je nach Anzahl der Teilnehmenden, Rahmenbedingungen und Auftragslage festgelegt. So k\u00f6nnen wir gemeinsam ein passendes Angebot f\u00fcr Ihre Gruppe gestalten.<\/p>\n<\/div><figure class=\"wp-block-media-text__media\"><img loading=\"lazy\" decoding=\"async\" width=\"1024\" height=\"1024\" src=\"https:\/\/consultingdesire.at\/wp-content\/uploads\/2025\/09\/1757405669026.png\" alt=\"\" class=\"wp-image-487 size-full\" srcset=\"https:\/\/consultingdesire.at\/wp-content\/uploads\/2025\/09\/1757405669026.png 1024w, https:\/\/consultingdesire.at\/wp-content\/uploads\/2025\/09\/1757405669026-300x300.png 300w, https:\/\/consultingdesire.at\/wp-content\/uploads\/2025\/09\/1757405669026-150x150.png 150w, https:\/\/consultingdesire.at\/wp-content\/uploads\/2025\/09\/1757405669026-768x768.png 768w\" sizes=\"(max-width: 1024px) 100vw, 1024px\" \/><\/figure><\/div>\n\n\n\n<div class=\"wp-block-cover alignwide\"><span aria-hidden=\"true\" class=\"wp-block-cover__background has-background-dim\" style=\"background-color:#717654\"><\/span><img loading=\"lazy\" decoding=\"async\" width=\"1024\" height=\"1024\" class=\"wp-block-cover__image-background wp-image-487\" alt=\"\" src=\"https:\/\/consultingdesire.at\/wp-content\/uploads\/2025\/09\/1757405669026.png\" data-object-fit=\"cover\" srcset=\"https:\/\/consultingdesire.at\/wp-content\/uploads\/2025\/09\/1757405669026.png 1024w, https:\/\/consultingdesire.at\/wp-content\/uploads\/2025\/09\/1757405669026-300x300.png 300w, https:\/\/consultingdesire.at\/wp-content\/uploads\/2025\/09\/1757405669026-150x150.png 150w, https:\/\/consultingdesire.at\/wp-content\/uploads\/2025\/09\/1757405669026-768x768.png 768w\" sizes=\"(max-width: 1024px) 100vw, 1024px\" \/><div class=\"wp-block-cover__inner-container is-layout-flow wp-block-cover-is-layout-flow\">\n<h2 class=\"wp-block-heading has-text-align-left\" id=\"contact\" style=\"margin-top:var(--wp--preset--spacing--50);margin-bottom:0;font-size:33px\">Kontakt<\/h2>\n\n\n\n<p class=\"has-large-font-size\"><strong>+43 681 84 72 44 85<\/strong><\/p>\n\n\n\n<p class=\"has-text-align-left has-bg-1-color has-text-color has-link-color has-large-font-size wp-elements-0da0834b0ef4aea8f394321108e53d29\" style=\"padding-bottom:0\"><a href=\"mailto:office@consultingdesire.at\"><strong>office@consultingdesire.at<\/strong><\/a><\/p>\n\n\n\n<p class=\"has-medium-font-size\">Anfahrt: Treffnerstra\u00dfe 4, 9500 Villach<\/p>\n\n\n\n<p class=\"has-bg-1-color has-text-color has-link-color wp-elements-f1dfb0109fef2a65a76f29a1eaeb4a10\">Auf meiner Seite finden Sie spannende Beitr\u00e4ge und kleine Wegweiser f\u00fcr den Alltag \u2013 Inspirationen, die Sie vielleicht begleiten oder zum Nachdenken anregen.<br>Wenn Sie noch mehr \u00fcber meine Arbeit erfahren m\u00f6chten, freue ich mich, wenn Sie mir auf <strong>Facebook<\/strong> und <strong>Instagram<\/strong> folgen:<br><a href=\"https:\/\/www.facebook.com\/ConsultingDesire\">www.facebook.com\/ConsultingDesire<\/a><\/p>\n\n\n\n<p class=\"has-text-align-left has-medium-font-size\" style=\"margin-top:0em;margin-bottom:0em;padding-bottom:0\">Mit lieben Gr\u00fc\u00dfen<\/p>\n\n\n\n<p class=\"has-medium-font-size\" style=\"margin-top:0px;margin-bottom:0px;line-height:2.2\">Desire Stocker, MA<\/p>\n<\/div><\/div>\n<\/div>\n<\/main>\n","protected":false},"excerpt":{"rendered":"<p>Herzlich Willkommen Mit dem Wunsch, etwas an der derzeitigen Situation ver\u00e4ndern zu wollen, setzen Sie den ersten Schritt f\u00fcr einen Wandel. Ver\u00e4nderungen zuzulassen, Hilfe anzunehmen erfordert \u00dcberwindung und Mut. Das Leben verl\u00e4uft nicht immer geradlinig \u2013 es bringt H\u00f6hen, Tiefen und unerwartete Wendungen mit sich. Gerade in solchen Momenten kann es hilfreich sein, Unterst\u00fctzung in [&hellip;]<\/p>\n","protected":false},"author":1,"featured_media":0,"parent":0,"menu_order":0,"comment_status":"closed","ping_status":"closed","template":"","meta":{"om_disable_all_campaigns":false,"_monsterinsights_skip_tracking":false,"_monsterinsights_sitenote_active":false,"_monsterinsights_sitenote_note":"","_monsterinsights_sitenote_category":0,"footnotes":""},"aioseo_notices":[],"_links":{"self":[{"href":"https:\/\/consultingdesire.at\/index.php?rest_route=\/wp\/v2\/pages\/2"}],"collection":[{"href":"https:\/\/consultingdesire.at\/index.php?rest_route=\/wp\/v2\/pages"}],"about":[{"href":"https:\/\/consultingdesire.at\/index.php?rest_route=\/wp\/v2\/types\/page"}],"author":[{"embeddable":true,"href":"https:\/\/consultingdesire.at\/index.php?rest_route=\/wp\/v2\/users\/1"}],"replies":[{"embeddable":true,"href":"https:\/\/consultingdesire.at\/index.php?rest_route=%2Fwp%2Fv2%2Fcomments&post=2"}],"version-history":[{"count":161,"href":"https:\/\/consultingdesire.at\/index.php?rest_route=\/wp\/v2\/pages\/2\/revisions"}],"predecessor-version":[{"id":546,"href":"https:\/\/consultingdesire.at\/index.php?rest_route=\/wp\/v2\/pages\/2\/revisions\/546"}],"wp:attachment":[{"href":"https:\/\/consultingdesire.at\/index.php?rest_route=%2Fwp%2Fv2%2Fmedia&parent=2"}],"curies":[{"name":"wp","href":"https:\/\/api.w.org\/{rel}","templated":true}]}}